{"id":15903,"date":"2024-08-13T06:59:59","date_gmt":"2024-08-13T06:59:59","guid":{"rendered":"https:\/\/revolclutch.com\/surdurulebilirlik\/"},"modified":"2024-11-04T11:06:44","modified_gmt":"2024-11-04T11:06:44","slug":"surdurulebilirlik","status":"publish","type":"page","link":"https:\/\/revolclutch.com\/tr\/surdurulebilirlik\/","title":{"rendered":"S\u00fcrd\u00fcr\u00fclebilirlik"},"content":{"rendered":"\t\t<div data-elementor-type=\"wp-page\" data-elementor-id=\"15903\" class=\"elementor elementor-15903 elementor-253\" data-elementor-post-type=\"page\">\n\t\t\t\t<div class=\"elementor-element elementor-element-e3b44ab e-flex e-con-boxed e-con e-parent\" data-id=\"e3b44ab\" data-element_type=\"container\" data-e-type=\"container\" data-settings=\"{&quot;background_background&quot;:&quot;classic&quot;}\">\n\t\t\t\t\t<div class=\"e-con-inner\">\n\t\t\t\t<div class=\"elementor-element elementor-element-959f02d elementor-widget__width-inherit elementor-widget elementor-widget-heading\" data-id=\"959f02d\" data-element_type=\"widget\" data-e-type=\"widget\" data-widget_type=\"heading.default\">\n\t\t\t\t<div class=\"elementor-widget-container\">\n\t\t\t\t\t<h1 class=\"elementor-heading-title elementor-size-default\">S\u00dcRD\u00dcR\u00dcLEBI\u0307LI\u0307RLI\u0307K<\/h1>\t\t\t\t<\/div>\n\t\t\t\t<\/div>\n\t\t\t\t<div class=\"elementor-element elementor-element-f3d2590 elementor-align-center elementor-widget elementor-widget-lottie\" data-id=\"f3d2590\" data-element_type=\"widget\" data-e-type=\"widget\" data-settings=\"{&quot;source_json&quot;:{&quot;url&quot;:&quot;https:\\\/\\\/revolclutch.com\\\/wp-content\\\/uploads\\\/2024\\\/09\\\/scroll-down.json&quot;,&quot;id&quot;:7596,&quot;size&quot;:&quot;&quot;,&quot;alt&quot;:&quot;&quot;,&quot;source&quot;:&quot;library&quot;},&quot;link_to&quot;:&quot;custom&quot;,&quot;custom_link&quot;:{&quot;url&quot;:&quot;#continue&quot;,&quot;is_external&quot;:&quot;&quot;,&quot;nofollow&quot;:&quot;&quot;,&quot;custom_attributes&quot;:&quot;&quot;},&quot;loop&quot;:&quot;yes&quot;,&quot;renderer&quot;:&quot;canvas&quot;,&quot;source&quot;:&quot;media_file&quot;,&quot;caption_source&quot;:&quot;none&quot;,&quot;trigger&quot;:&quot;arriving_to_viewport&quot;,&quot;viewport&quot;:{&quot;unit&quot;:&quot;%&quot;,&quot;size&quot;:&quot;&quot;,&quot;sizes&quot;:{&quot;start&quot;:0,&quot;end&quot;:100}},&quot;play_speed&quot;:{&quot;unit&quot;:&quot;px&quot;,&quot;size&quot;:1,&quot;sizes&quot;:[]},&quot;start_point&quot;:{&quot;unit&quot;:&quot;%&quot;,&quot;size&quot;:0,&quot;sizes&quot;:[]},&quot;end_point&quot;:{&quot;unit&quot;:&quot;%&quot;,&quot;size&quot;:100,&quot;sizes&quot;:[]}}\" data-widget_type=\"lottie.default\">\n\t\t\t\t<div class=\"elementor-widget-container\">\n\t\t\t\t\t<a class=\"e-lottie__container__link\" href=\"#continue\"><div class=\"e-lottie__container\"><div class=\"e-lottie__animation\"><\/div><\/div><\/a>\t\t\t\t<\/div>\n\t\t\t\t<\/div>\n\t\t\t\t\t<\/div>\n\t\t\t\t<\/div>\n\t\t<div class=\"elementor-element elementor-element-8c8c519 e-flex e-con-boxed e-con e-parent\" data-id=\"8c8c519\" data-element_type=\"container\" data-e-type=\"container\" id=\"continue\">\n\t\t\t\t\t<div class=\"e-con-inner\">\n\t\t\t\t<div class=\"elementor-element elementor-element-bad7dee elementor-widget elementor-widget-heading\" data-id=\"bad7dee\" data-element_type=\"widget\" data-e-type=\"widget\" data-widget_type=\"heading.default\">\n\t\t\t\t<div class=\"elementor-widget-container\">\n\t\t\t\t\t<h2 class=\"elementor-heading-title elementor-size-default\">G\u00fcne\u015f Enerjisi Santrali <span>(GES) Projemiz<\/span><\/h2>\t\t\t\t<\/div>\n\t\t\t\t<\/div>\n\t\t<div class=\"elementor-element elementor-element-d0c1737 e-con-full e-flex e-con e-child\" data-id=\"d0c1737\" data-element_type=\"container\" data-e-type=\"container\">\n\t\t<div class=\"elementor-element elementor-element-9a35368 e-con-full e-flex e-con e-child\" data-id=\"9a35368\" data-element_type=\"container\" data-e-type=\"container\">\n\t\t\t\t<div class=\"elementor-element elementor-element-9c2f4bb elementor-widget elementor-widget-image\" data-id=\"9c2f4bb\" data-element_type=\"widget\" data-e-type=\"widget\" data-widget_type=\"image.default\">\n\t\t\t\t<div class=\"elementor-widget-container\">\n\t\t\t\t\t\t\t\t\t\t\t\t\t\t\t<img fetchpriority=\"high\" decoding=\"async\" width=\"800\" height=\"533\" src=\"https:\/\/revolclutch.com\/wp-content\/uploads\/2024\/08\/sustainability-photo-2.png\" class=\"attachment-large size-large wp-image-257\" alt=\"\" srcset=\"https:\/\/revolclutch.com\/wp-content\/uploads\/2024\/08\/sustainability-photo-2.png 800w, https:\/\/revolclutch.com\/wp-content\/uploads\/2024\/08\/sustainability-photo-2-300x200.png 300w, https:\/\/revolclutch.com\/wp-content\/uploads\/2024\/08\/sustainability-photo-2-600x400.png 600w, https:\/\/revolclutch.com\/wp-content\/uploads\/2024\/08\/sustainability-photo-2-768x512.png 768w\" sizes=\"(max-width: 800px) 100vw, 800px\" \/>\t\t\t\t\t\t\t\t\t\t\t\t\t\t\t<\/div>\n\t\t\t\t<\/div>\n\t\t\t\t<\/div>\n\t\t<div class=\"elementor-element elementor-element-bd4d832 e-con-full e-flex e-con e-child\" data-id=\"bd4d832\" data-element_type=\"container\" data-e-type=\"container\">\n\t\t\t\t<div class=\"elementor-element elementor-element-f3a6b35 elementor-widget elementor-widget-text-editor\" data-id=\"f3a6b35\" data-element_type=\"widget\" data-e-type=\"widget\" data-widget_type=\"text-editor.default\">\n\t\t\t\t<div class=\"elementor-widget-container\">\n\t\t\t\t\t\t\t\t\t<p>\u00d6zteknik olarak s\u00fcrd\u00fcr\u00fclebilirlik projelerimiz kapsam\u0131nda enerji ihtiyac\u0131m\u0131z\u0131 yenilenebilir kaynaklardan kar\u015f\u0131layarak \u00e7evresel etkimizi en aza indirmeyi hedefliyoruz. Bu hedef do\u011frultusunda G\u00fcne\u015f Enerjisi Santrali (GES) projemizi hayata ge\u00e7iriyoruz. Bu proje ile kendi elektri\u011fini \u00fcretebilen ve enerji ba\u011f\u0131ms\u0131zl\u0131\u011f\u0131na sahip bir \u015firket olmay\u0131 hedefliyoruz.  <\/p>\n<p>Ara\u015ft\u0131rmalar, her saniye d\u00fcnyaya ula\u015fan g\u00fcne\u015f radyasyonundan elde edilen enerjinin yakla\u015f\u0131k 170 milyon MW oldu\u011funu g\u00f6steriyor. Bu miktar, T\u00fcrkiye&#8217;nin bir y\u0131lda \u00fcretti\u011fi enerjinin 1.700 kat\u0131na e\u015fde\u011ferdir. Co\u011frafi konumu nedeniyle T\u00fcrkiye&#8217;de y\u0131lda yakla\u015f\u0131k 110 g\u00fcn g\u00fcne\u015f enerjisi \u00fcretimi i\u00e7in olduk\u00e7a verimli ge\u00e7mektedir. Bu do\u011fal avantajlardan yararlanarak, \u00e7evre dostu ve s\u00fcrd\u00fcr\u00fclebilir bir enerji kayna\u011f\u0131na y\u00f6nelmeye karar verdik.   <\/p>\n<p>Y\u00f6netim Kurulumuzun 2022 y\u0131l\u0131 sonunda g\u00fcndemine ald\u0131\u011f\u0131 bu proje ile \u00e7evreye duyarl\u0131 bir enerji \u00fcretim modeli olu\u015fturmay\u0131 ve enerji maliyetlerimizi d\u00fc\u015f\u00fcrmeyi hedefliyoruz. Bu proje ile \u00f6ncelikli hedefimiz artan enerji t\u00fcketimimizi do\u011fal kaynaklardan faydalanarak kar\u015f\u0131lamak ve enerjide d\u0131\u015fa ba\u011f\u0131ml\u0131l\u0131\u011f\u0131m\u0131z\u0131 ortadan kald\u0131rmakt\u0131r. <\/p>\n\t\t\t\t\t\t\t\t<\/div>\n\t\t\t\t<\/div>\n\t\t\t\t<\/div>\n\t\t\t\t<\/div>\n\t\t<div class=\"elementor-element elementor-element-661af87 e-con-full e-flex e-con e-child\" data-id=\"661af87\" data-element_type=\"container\" data-e-type=\"container\">\n\t\t\t\t<div class=\"elementor-element elementor-element-5896912 elementor-widget elementor-widget-text-editor\" data-id=\"5896912\" data-element_type=\"widget\" data-e-type=\"widget\" data-widget_type=\"text-editor.default\">\n\t\t\t\t<div class=\"elementor-widget-container\">\n\t\t\t\t\t\t\t\t\t<p>\u015eirket b\u00fcnyesinde yap\u0131lan kapsaml\u0131 maliyet analizleri, bu yat\u0131r\u0131m\u0131n geri \u00f6deme s\u00fcresinin yakla\u015f\u0131k 3,5 y\u0131l oldu\u011funu g\u00f6stermektedir. G\u00fcne\u015f enerjisi santralimizin ortalama \u00f6mr\u00fcn\u00fcn 25 y\u0131l olaca\u011f\u0131 tahmin edilmekte olup, yat\u0131r\u0131m\u0131m\u0131z\u0131n uzun vadeli s\u00fcrd\u00fcr\u00fclebilirli\u011fi ve karl\u0131l\u0131\u011f\u0131 garanti alt\u0131na al\u0131nmaktad\u0131r. <\/p>\n<p>Orta vadeli planlar\u0131m\u0131zda, Avrupa Birli\u011fi&#8217;nin 2050 y\u0131l\u0131na kadar Avrupa&#8217;y\u0131 ilk karbon-n\u00f6tr k\u0131ta haline getirmeyi hedefleyen &#8220;Ye\u015fil Anla\u015fma&#8221; giri\u015fimini de g\u00f6z \u00f6n\u00fcnde bulunduruyoruz. T\u00fcrkiye&#8217;nin en \u00f6nemli ihracat pazarlar\u0131ndan biri olan Avrupa Birli\u011fi&#8217;nin s\u00fcrd\u00fcr\u00fclebilirlik hedefleri do\u011frultusunda, ye\u015fil d\u00f6n\u00fc\u015f\u00fcm\u00fc desteklemek ve \u015firketimizi ihracatta tercih edilir k\u0131lmak i\u00e7in GES projemizi ba\u015flat\u0131yoruz. <\/p>\n<p>GES projemiz ile temiz enerji ile enerji maliyetlerimizi d\u00fc\u015f\u00fcrmeyi, farkl\u0131 alanlardaki Ar-Ge \u00e7al\u0131\u015fmalar\u0131na daha fazla kaynak ay\u0131rabilmeyi planl\u0131yoruz. Yap\u0131lan hesaplamalara g\u00f6re bu yat\u0131r\u0131m\u0131n y\u0131ll\u0131k ortalama 1.460.000 kWh elektrik \u00fcretmesi bekleniyor. Bu miktar y\u0131ll\u0131k enerji t\u00fcketimimizin %99&#8217;unu kar\u015f\u0131layacakt\u0131r. GES projesinin tamamlanmas\u0131yla birlikte enerji t\u00fcketimimizin %99&#8217;unu g\u00fcne\u015f enerjisinden kar\u015f\u0131layarak karbon sal\u0131m\u0131n\u0131 azaltacak ve ye\u015fil d\u00f6n\u00fc\u015f\u00fcme \u00f6nemli bir katk\u0131 sa\u011flayaca\u011f\u0131z.   <\/p>\n<p>\u00d6zteknik olarak s\u00fcrd\u00fcr\u00fclebilirlik alan\u0131nda att\u0131\u011f\u0131m\u0131z bu \u00f6nemli ad\u0131mla \u00e7evreye duyarl\u0131 bir yakla\u015f\u0131m sergilerken enerji maliyetlerimizi d\u00fc\u015f\u00fcrmeyi ve rekabet g\u00fcc\u00fcm\u00fcz\u00fc art\u0131rmay\u0131 hedefliyoruz. Projenin 2024 y\u0131l\u0131 i\u00e7erisinde tamamlanmas\u0131 planlanmakta olup, bu s\u00fcre\u00e7te t\u00fcm payda\u015flar\u0131m\u0131z\u0131 bilgilendirmeye ve s\u00fcrd\u00fcr\u00fclebilirlik hedeflerimizi payla\u015fmaya devam edece\u011fiz. <\/p>\n\t\t\t\t\t\t\t\t<\/div>\n\t\t\t\t<\/div>\n\t\t\t\t<\/div>\n\t\t\t\t\t<\/div>\n\t\t\t\t<\/div>\n\t\t\t\t<\/div>\n\t\t","protected":false},"excerpt":{"rendered":"<p>S\u00dcRD\u00dcR\u00dcLEBI\u0307LI\u0307RLI\u0307K G\u00fcne\u015f Enerjisi Santrali (GES) Projemiz \u00d6zteknik olarak s\u00fcrd\u00fcr\u00fclebilirlik projelerimiz kapsam\u0131nda enerji ihtiyac\u0131m\u0131z\u0131 yenilenebilir kaynaklardan kar\u015f\u0131layarak \u00e7evresel etkimizi en aza indirmeyi hedefliyoruz. Bu hedef do\u011frultusunda G\u00fcne\u015f Enerjisi Santrali (GES) projemizi hayata ge\u00e7iriyoruz. Bu proje ile kendi elektri\u011fini \u00fcretebilen ve enerji ba\u011f\u0131ms\u0131zl\u0131\u011f\u0131na sahip bir \u015firket olmay\u0131 hedefliyoruz. Ara\u015ft\u0131rmalar, her saniye d\u00fcnyaya ula\u015fan g\u00fcne\u015f radyasyonundan elde edilen enerjinin yakla\u015f\u0131k 170 milyon MW oldu\u011funu g\u00f6steriyor. Bu miktar, T\u00fcrkiye&#8217;nin bir y\u0131lda \u00fcretti\u011fi enerjinin 1.700 kat\u0131na e\u015fde\u011ferdir. Co\u011frafi konumu nedeniyle T\u00fcrkiye&#8217;de y\u0131lda yakla\u015f\u0131k 110 g\u00fcn g\u00fcne\u015f enerjisi \u00fcretimi i\u00e7in olduk\u00e7a verimli ge\u00e7mektedir. Bu do\u011fal avantajlardan yararlanarak, \u00e7evre dostu ve s\u00fcrd\u00fcr\u00fclebilir bir enerji kayna\u011f\u0131na y\u00f6nelmeye karar verdik. Y\u00f6netim Kurulumuzun 2022 y\u0131l\u0131 sonunda g\u00fcndemine ald\u0131\u011f\u0131 bu proje ile \u00e7evreye duyarl\u0131 bir enerji \u00fcretim modeli olu\u015fturmay\u0131 ve enerji maliyetlerimizi d\u00fc\u015f\u00fcrmeyi hedefliyoruz. Bu proje ile \u00f6ncelikli hedefimiz artan enerji t\u00fcketimimizi do\u011fal kaynaklardan faydalanarak kar\u015f\u0131lamak ve enerjide d\u0131\u015fa ba\u011f\u0131ml\u0131l\u0131\u011f\u0131m\u0131z\u0131 ortadan kald\u0131rmakt\u0131r. \u015eirket b\u00fcnyesinde yap\u0131lan kapsaml\u0131 maliyet analizleri, bu yat\u0131r\u0131m\u0131n geri \u00f6deme s\u00fcresinin yakla\u015f\u0131k 3,5 y\u0131l oldu\u011funu g\u00f6stermektedir. G\u00fcne\u015f enerjisi santralimizin ortalama \u00f6mr\u00fcn\u00fcn 25 y\u0131l olaca\u011f\u0131 tahmin edilmekte olup, yat\u0131r\u0131m\u0131m\u0131z\u0131n uzun vadeli s\u00fcrd\u00fcr\u00fclebilirli\u011fi ve karl\u0131l\u0131\u011f\u0131 garanti alt\u0131na al\u0131nmaktad\u0131r. Orta vadeli planlar\u0131m\u0131zda, Avrupa Birli\u011fi&#8217;nin 2050 y\u0131l\u0131na kadar Avrupa&#8217;y\u0131 ilk karbon-n\u00f6tr k\u0131ta haline getirmeyi hedefleyen &#8220;Ye\u015fil Anla\u015fma&#8221; giri\u015fimini de g\u00f6z \u00f6n\u00fcnde bulunduruyoruz. T\u00fcrkiye&#8217;nin en \u00f6nemli ihracat pazarlar\u0131ndan biri olan Avrupa Birli\u011fi&#8217;nin s\u00fcrd\u00fcr\u00fclebilirlik hedefleri do\u011frultusunda, ye\u015fil d\u00f6n\u00fc\u015f\u00fcm\u00fc desteklemek ve \u015firketimizi ihracatta tercih edilir k\u0131lmak i\u00e7in GES projemizi ba\u015flat\u0131yoruz. GES projemiz ile temiz enerji ile enerji maliyetlerimizi d\u00fc\u015f\u00fcrmeyi, farkl\u0131 alanlardaki Ar-Ge \u00e7al\u0131\u015fmalar\u0131na daha fazla kaynak ay\u0131rabilmeyi planl\u0131yoruz. Yap\u0131lan hesaplamalara g\u00f6re bu yat\u0131r\u0131m\u0131n y\u0131ll\u0131k ortalama 1.460.000 kWh elektrik \u00fcretmesi bekleniyor. Bu miktar y\u0131ll\u0131k enerji t\u00fcketimimizin %99&#8217;unu kar\u015f\u0131layacakt\u0131r. GES projesinin tamamlanmas\u0131yla birlikte enerji t\u00fcketimimizin %99&#8217;unu g\u00fcne\u015f enerjisinden kar\u015f\u0131layarak karbon sal\u0131m\u0131n\u0131 azaltacak ve ye\u015fil d\u00f6n\u00fc\u015f\u00fcme \u00f6nemli bir katk\u0131 sa\u011flayaca\u011f\u0131z. \u00d6zteknik olarak s\u00fcrd\u00fcr\u00fclebilirlik alan\u0131nda att\u0131\u011f\u0131m\u0131z bu \u00f6nemli ad\u0131mla \u00e7evreye duyarl\u0131 bir yakla\u015f\u0131m sergilerken enerji maliyetlerimizi d\u00fc\u015f\u00fcrmeyi ve rekabet g\u00fcc\u00fcm\u00fcz\u00fc art\u0131rmay\u0131 hedefliyoruz. Projenin 2024 y\u0131l\u0131 i\u00e7erisinde tamamlanmas\u0131 planlanmakta olup, bu s\u00fcre\u00e7te t\u00fcm payda\u015flar\u0131m\u0131z\u0131 bilgilendirmeye ve s\u00fcrd\u00fcr\u00fclebilirlik hedeflerimizi payla\u015fmaya devam edece\u011fiz.<\/p>\n","protected":false},"author":1,"featured_media":0,"parent":0,"menu_order":0,"comment_status":"closed","ping_status":"closed","template":"","meta":{"_acf_changed":false,"footnotes":""},"class_list":["post-15903","page","type-page","status-publish","hentry"],"acf":[],"_links":{"self":[{"href":"https:\/\/revolclutch.com\/tr\/wp-json\/wp\/v2\/pages\/15903","targetHints":{"allow":["GET"]}}],"collection":[{"href":"https:\/\/revolclutch.com\/tr\/wp-json\/wp\/v2\/pages"}],"about":[{"href":"https:\/\/revolclutch.com\/tr\/wp-json\/wp\/v2\/types\/page"}],"author":[{"embeddable":true,"href":"https:\/\/revolclutch.com\/tr\/wp-json\/wp\/v2\/users\/1"}],"replies":[{"embeddable":true,"href":"https:\/\/revolclutch.com\/tr\/wp-json\/wp\/v2\/comments?post=15903"}],"version-history":[{"count":1,"href":"https:\/\/revolclutch.com\/tr\/wp-json\/wp\/v2\/pages\/15903\/revisions"}],"predecessor-version":[{"id":15905,"href":"https:\/\/revolclutch.com\/tr\/wp-json\/wp\/v2\/pages\/15903\/revisions\/15905"}],"wp:attachment":[{"href":"https:\/\/revolclutch.com\/tr\/wp-json\/wp\/v2\/media?parent=15903"}],"curies":[{"name":"wp","href":"https:\/\/api.w.org\/{rel}","templated":true}]}}